{"id":370,"date":"2024-09-25T09:38:14","date_gmt":"2024-09-25T07:38:14","guid":{"rendered":"https:\/\/ciudaddelosrecuerdos.cordoba.es\/?page_id=370"},"modified":"2025-09-26T09:24:20","modified_gmt":"2025-09-26T07:24:20","slug":"visite-13","status":"publish","type":"page","link":"https:\/\/ciudaddelosrecuerdos.cordoba.es\/fr\/visite-13\/","title":{"rendered":"Visite 13"},"content":{"rendered":"<h1>Visite 13: Pante\u00f3n familia L\u00f3pez-Cubero Gim\u00e9nez-Rey<\/h1>\n<div><img loading=\"lazy\" decoding=\"async\" class=\"aligncenter wp-image-15 size-large\" src=\"https:\/\/ciudaddelosrecuerdos.cordoba.es\/wp-content\/uploads\/2024\/09\/1_visita13_lopezcubero_gimenezrey.jpg\" alt=\"\" width=\"780\" height=\"853\" \/><\/div>\n<div class=\"boxAudio\">\n<img decoding=\"async\" src=\"https:\/\/ciudaddelosrecuerdos.cordoba.es\/wp-content\/uploads\/2025\/09\/iconoaudio.png\" width=\"55\" style=\"margin-right:20px;\"><audio controls><source src=\"https:\/\/ciudaddelosrecuerdos.cordoba.es\/audios\/fr\/Ruta1_Visita13_FR.mp3\" type=\"audio\/mpeg\">Your browser does not support the audio element.<\/audio>\n<\/div>\n<p>Si le cimeti\u00e8re de La Salud pr\u00e9sente des panth\u00e9ons n\u00e9ogothiques, n\u00e9oclassiques ou d\u2019un \u00e9clectisme plus ou moins prononc\u00e9, correspondant aux \u00e9poques de leur construction, <strong>le panth\u00e9on L\u00f3pez-Cubero Gim\u00e9nez-Rey<\/strong> est un exemple clair d\u2019architecture contemporaine.<\/p>\n<p>Construit en granit gris, il se compose d\u2019un seul volume largement ouvert sur l\u2019ext\u00e9rieur par une grande porte. Contrairement \u00e0 de nombreux panth\u00e9ons anciens, il n\u2019existe pas ici de s\u00e9paration nette entre l\u2019espace int\u00e9rieur et ext\u00e9rieur, l\u2019absence de grille en accentuant l\u2019effet. Ainsi, le visiteur peut admirer plus facilement l\u2019int\u00e9rieur, o\u00f9 l\u2019on distingue trois vitraux polychromes repr\u00e9sentant au centre la Vierge du Carmel avec l\u2019Enfant J\u00e9sus, et de part et d\u2019autre saint Pierre avec les clefs et saint Laurent avec son gril. Un autel, domin\u00e9 par une croix, compl\u00e8te l\u2019ensemble. L\u2019ext\u00e9rieur est marqu\u00e9 par la pr\u00e9sence de deux anges d\u2019une facture moderne et \u00e9l\u00e9gante : l\u2019un tient une fleur dans sa main, l\u2019autre est en pri\u00e8re. Une grande croix au-dessus de la porte signale l\u2019entr\u00e9e.<\/p>\n<p>Malgr\u00e9 la richesse des mat\u00e9riaux employ\u00e9s, l\u2019\u00e9difice, qui ressemble davantage \u00e0 une chapelle, se distingue par sa simplicit\u00e9 et par la pr\u00e9dominance des formes rectangulaires.<\/p>\n","protected":false},"excerpt":{"rendered":"<p>Visite 13: Pante\u00f3n familia L\u00f3pez-Cubero Gim\u00e9nez-Rey Your browser does not support the audio element. Si le cimeti\u00e8re de La Salud [&hellip;]<\/p>\n","protected":false},"author":1,"featured_media":0,"parent":0,"menu_order":0,"comment_status":"closed","ping_status":"closed","template":"page-templates\/full-width.php","meta":{"footnotes":""},"class_list":["post-370","page","type-page","status-publish","hentry"],"_links":{"self":[{"href":"https:\/\/ciudaddelosrecuerdos.cordoba.es\/fr\/wp-json\/wp\/v2\/pages\/370","targetHints":{"allow":["GET"]}}],"collection":[{"href":"https:\/\/ciudaddelosrecuerdos.cordoba.es\/fr\/wp-json\/wp\/v2\/pages"}],"about":[{"href":"https:\/\/ciudaddelosrecuerdos.cordoba.es\/fr\/wp-json\/wp\/v2\/types\/page"}],"author":[{"embeddable":true,"href":"https:\/\/ciudaddelosrecuerdos.cordoba.es\/fr\/wp-json\/wp\/v2\/users\/1"}],"replies":[{"embeddable":true,"href":"https:\/\/ciudaddelosrecuerdos.cordoba.es\/fr\/wp-json\/wp\/v2\/comments?post=370"}],"version-history":[{"count":3,"href":"https:\/\/ciudaddelosrecuerdos.cordoba.es\/fr\/wp-json\/wp\/v2\/pages\/370\/revisions"}],"predecessor-version":[{"id":542,"href":"https:\/\/ciudaddelosrecuerdos.cordoba.es\/fr\/wp-json\/wp\/v2\/pages\/370\/revisions\/542"}],"wp:attachment":[{"href":"https:\/\/ciudaddelosrecuerdos.cordoba.es\/fr\/wp-json\/wp\/v2\/media?parent=370"}],"curies":[{"name":"wp","href":"https:\/\/api.w.org\/{rel}","templated":true}]}}