{"id":368,"date":"2024-09-25T09:38:14","date_gmt":"2024-09-25T07:38:14","guid":{"rendered":"https:\/\/ciudaddelosrecuerdos.cordoba.es\/?page_id=368"},"modified":"2025-09-26T09:24:13","modified_gmt":"2025-09-26T07:24:13","slug":"visite-12","status":"publish","type":"page","link":"https:\/\/ciudaddelosrecuerdos.cordoba.es\/fr\/visite-12\/","title":{"rendered":"Visite 12"},"content":{"rendered":"<h1>Visite 12: Ricardo de Montis y Romero<\/h1>\n<div><img loading=\"lazy\" decoding=\"async\" class=\"aligncenter wp-image-15 size-large\" src=\"https:\/\/ciudaddelosrecuerdos.cordoba.es\/wp-content\/uploads\/2024\/09\/1_visita12_montis_romero.jpg\" alt=\"\" width=\"780\" height=\"853\" \/><\/div>\n<div class=\"boxAudio\">\n<img decoding=\"async\" src=\"https:\/\/ciudaddelosrecuerdos.cordoba.es\/wp-content\/uploads\/2025\/09\/iconoaudio.png\" width=\"55\" style=\"margin-right:20px;\"><audio controls><source src=\"https:\/\/ciudaddelosrecuerdos.cordoba.es\/audios\/fr\/Ruta1_Visita12_FR.mp3\" type=\"audio\/mpeg\">Your browser does not support the audio element.<\/audio>\n<\/div>\n<p><strong>Ricardo de Montis y Romero (1871-1941)<\/strong> naquit, v\u00e9cut et mourut \u00e0 Cordoue, o\u00f9 il exer\u00e7a comme journaliste et po\u00e8te. En 1889, il devint directeur du journal <em>El Comercio<\/em> et collabora \u00e9galement \u00e0 <em>La Lealtad<\/em> et <em>El Adalid<\/em>. Longtemps journaliste au <em>Diario de C\u00f3rdoba<\/em>, il en fut aussi directeur. Pour son travail de presse, il fut consid\u00e9r\u00e9 comme un ma\u00eetre du journalisme. Son style litt\u00e9raire \u00e9tait fluide et vif. Il \u00e9crivit jusqu\u2019\u00e0 perdre progressivement la vue. Il fut membre titulaire de la Real Academia de C\u00f3rdoba (1914). Son \u0153uvre la plus c\u00e9l\u00e8bre est <em>Notas Cordobesas<\/em>, recueil d\u2019articles d\u00e9crivant la vie de la ville, ses coutumes, ses personnages, ses \u00e9v\u00e9nements\u2026 Ouvrage de r\u00e9f\u00e9rence, encore cit\u00e9 par les \u00e9crivains cordouans. Ses po\u00e8mes furent publi\u00e9s dans divers journaux et recueils. Peu avant sa mort, il donna pour instruction que sa n\u00e9crologie ne mentionne que sa condition d\u2019\u00ab \u00e9crivain cordouan \u00bb.<\/p>\n","protected":false},"excerpt":{"rendered":"<p>Visite 12: Ricardo de Montis y Romero Your browser does not support the audio element. Ricardo de Montis y Romero [&hellip;]<\/p>\n","protected":false},"author":1,"featured_media":0,"parent":0,"menu_order":0,"comment_status":"closed","ping_status":"closed","template":"page-templates\/full-width.php","meta":{"footnotes":""},"class_list":["post-368","page","type-page","status-publish","hentry"],"_links":{"self":[{"href":"https:\/\/ciudaddelosrecuerdos.cordoba.es\/fr\/wp-json\/wp\/v2\/pages\/368","targetHints":{"allow":["GET"]}}],"collection":[{"href":"https:\/\/ciudaddelosrecuerdos.cordoba.es\/fr\/wp-json\/wp\/v2\/pages"}],"about":[{"href":"https:\/\/ciudaddelosrecuerdos.cordoba.es\/fr\/wp-json\/wp\/v2\/types\/page"}],"author":[{"embeddable":true,"href":"https:\/\/ciudaddelosrecuerdos.cordoba.es\/fr\/wp-json\/wp\/v2\/users\/1"}],"replies":[{"embeddable":true,"href":"https:\/\/ciudaddelosrecuerdos.cordoba.es\/fr\/wp-json\/wp\/v2\/comments?post=368"}],"version-history":[{"count":2,"href":"https:\/\/ciudaddelosrecuerdos.cordoba.es\/fr\/wp-json\/wp\/v2\/pages\/368\/revisions"}],"predecessor-version":[{"id":541,"href":"https:\/\/ciudaddelosrecuerdos.cordoba.es\/fr\/wp-json\/wp\/v2\/pages\/368\/revisions\/541"}],"wp:attachment":[{"href":"https:\/\/ciudaddelosrecuerdos.cordoba.es\/fr\/wp-json\/wp\/v2\/media?parent=368"}],"curies":[{"name":"wp","href":"https:\/\/api.w.org\/{rel}","templated":true}]}}